{"id":1112,"date":"2016-05-16T20:21:34","date_gmt":"2016-05-16T20:21:34","guid":{"rendered":"https:\/\/a3at.com\/?page_id=1112"},"modified":"2016-05-31T15:56:04","modified_gmt":"2016-05-31T15:56:04","slug":"seguretat-i-salut-2","status":"publish","type":"page","link":"https:\/\/a3at.com\/index.php\/seguretat-i-salut-2\/","title":{"rendered":"Seguretat i salut"},"content":{"rendered":"<div class=\"fusion-one-full fusion-layout-column fusion-column-last fusion-spacing-yes\" style=\"margin-top:0px;margin-bottom:20px;\"><div class=\"fusion-column-wrapper\"><div class=\"fusion-clearfix\"><\/div><\/div><\/div><div class=\"fusion-clearfix\"><\/div><div class=\"fusion-one-fourth fusion-layout-column fusion-spacing-no\" style=\"margin-top:0px;margin-bottom:20px;\"><div class=\"fusion-column-wrapper\"><div class=\"fusion-clearfix\"><\/div><\/div><\/div><div class=\"fusion-three-fourth fusion-layout-column fusion-column-last fusion-spacing-yes\" style=\"margin-top:0px;margin-bottom:20px;\"><div class=\"fusion-column-wrapper\"><div class=\"fusion-sep-clear\"><\/div><div class=\"fusion-separator fusion-full-width-sep sep-none\" style=\"border-color:#f2f2f2;margin-left: auto;margin-right: auto;margin-top:50px;margin-bottom:-15px;\"><\/div><div class=\"fusion-title title fusion-sep-none fusion-title-size-two\"><h2 class=\"title-heading-left\">\n<h2 class=\"title-heading-left\" style=\"color: #5a5d62; font-size: 50px; line-height: 60px;\" data-inline-fontsize=\"true\" data-inline-lineheight=\"true\" data-fontsize=\"50\" data-lineheight=\"60\"><span style=\"color: #333333;\">Projectes i obres \/ Seguretat i salut<\/span><\/h2>\n<\/h2><\/div><div class=\"fusion-sep-clear\"><\/div><div class=\"fusion-separator fusion-full-width-sep sep-none\" style=\"border-color:#e0dede;margin-left: auto;margin-right: auto;margin-top:40px;\"><\/div><div class=\"fusion-recent-works fusion-recent-works-1 fusion-recent-works-grid fusion-portfolio fusion-portfolio-three fusion-portfolio-unboxed\" data-id=\"-rw-1\" data-columns=\"three\"><ul class=\"fusion-filters\"><li class=\"fusion-filter fusion-filter-all fusion-active\"><a href=\"#\" data-filter=\"*\">All<\/a><\/li><li class=\"fusion-filter fusion-hidden\"><a href=\"#\" data-filter=\".educacio-i-cultura-seguretat-i-salut\">Educaci\u00f3 i Cultura<\/a><\/li><li class=\"fusion-filter fusion-hidden\"><a href=\"#\" data-filter=\".equipament-esportiu-seguretat-i-salut\">Equipament Esportiu<\/a><\/li><li class=\"fusion-filter fusion-hidden\"><a href=\"#\" data-filter=\".oficines-i-comercial-seguretat-i-salut\">Oficines i Comercial<\/a><\/li><li class=\"fusion-filter fusion-hidden\"><a href=\"#\" data-filter=\".residencial-seguretat-i-salut\">Residencial<\/a><\/li><\/ul><style type=\"text\/css\">.fusion-recent-works-1 .fusion-portfolio-wrapper .fusion-col-spacing{padding:6px;}<\/style><div class=\"fusion-portfolio-wrapper\" id=\"fusion-recent-works-1\" data-picturesize=\"auto\" style=\"margin: -6px;\"><div class=\"fusion-portfolio-post residencial-seguretat-i-salut seguretat-i-salut fusion-col-spacing\"><div class=\"fusion-portfolio-content-wrapper\"><span class=\"entry-title\" style=\"display: none;\">Edificis d&#8217;habitatges i aparcament Soterrat a Capellades &#8211; Fase 1 i 2<\/span><span class=\"vcard\" style=\"display: none;\"><span class=\"fn\"><a href=\"https:\/\/a3at.com\/index.php\/author\/a3at\/\" title=\"Entrades de A3at -\" rel=\"author\">A3at -<\/a><\/span><\/span><span class=\"updated\" style=\"display:none;\">2016-05-26T18:12:56+00:00<\/span><div class=\"fusion-image-wrapper\" aria-haspopup=\"true\"><img loading=\"lazy\" decoding=\"async\" width=\"1122\" height=\"793\" src=\"https:\/\/a3at.com\/wp-content\/uploads\/2016\/05\/Diapositiva13_R.png\" class=\"attachment-full size-full wp-post-image\" alt=\"\" srcset=\"https:\/\/a3at.com\/wp-content\/uploads\/2016\/05\/Diapositiva13_R.png 1122w, https:\/\/a3at.com\/wp-content\/uploads\/2016\/05\/Diapositiva13_R-500x353.png 500w, https:\/\/a3at.com\/wp-content\/uploads\/2016\/05\/Diapositiva13_R-300x212.png 300w, https:\/\/a3at.com\/wp-content\/uploads\/2016\/05\/Diapositiva13_R-768x543.png 768w, https:\/\/a3at.com\/wp-content\/uploads\/2016\/05\/Diapositiva13_R-1024x724.png 1024w\" sizes=\"(max-width: 1122px) 100vw, 1122px\" \/>\t\t<div class=\"fusion-rollover\">\n\t\t\t<div class=\"fusion-rollover-content\">\n\n\t\t\t\t\n\t\t\t\t\t\t\t\t\t\t\t<a class=\"fusion-rollover-link\" href=\"https:\/\/a3at.com\/index.php\/portfolio\/soterrat-a-capellades-fase-1-i-2-2\/\">Permalink<\/a>\n\t\t\t\t\t\n\t\t\t\t\t\t\t\t\t\t\t\n\t\t\t\t\t\t\t\t\t\t\t\t\t<div class=\"fusion-rollover-sep\"><\/div>\n\t\t\t\t\t\t\n\t\t\t\t\t\t\t\t\t\t\t\t\t\t\t\t\t\t\t\t<a class=\"fusion-rollover-gallery\" href=\"https:\/\/a3at.com\/wp-content\/uploads\/2016\/05\/Diapositiva13_R.png\" data-id=\"1109\" data-rel=\"iLightbox[gallery-rw-1]\" data-title=\"Diapositiva13_R\" data-caption=\"\">Gallery<\/a>\t\t\t\t\t\t\t\t\t\t\t\t\t\t\t\n\t\t\t\t\t\t\t\t\t<h4 class=\"fusion-rollover-title\"><a href=\"https:\/\/a3at.com\/index.php\/portfolio\/soterrat-a-capellades-fase-1-i-2-2\/\">Edificis d&#8217;habitatges i aparcament Soterrat a Capellades &#8211; Fase 1 i 2<\/a><\/h4>\n\t\t\t\t\n\t\t\t\t\n\t\t\t\t\n\t\t\t\t\n\t\t\t\t\n\t\t\t\t\t\t\t<\/div>\n\t\t<\/div>\n\t\t<\/div><\/div><\/div><div class=\"fusion-portfolio-post residencial-seguretat-i-salut seguretat-i-salut fusion-col-spacing\"><div class=\"fusion-portfolio-content-wrapper\"><span class=\"entry-title\" style=\"display: none;\">Barri del Polvor\u00ed 7\u00aa Fase Barcelona<\/span><span class=\"vcard\" style=\"display: none;\"><span class=\"fn\"><a href=\"https:\/\/a3at.com\/index.php\/author\/a3at\/\" title=\"Entrades de A3at -\" rel=\"author\">A3at -<\/a><\/span><\/span><span class=\"updated\" style=\"display:none;\">2016-05-26T18:16:20+00:00<\/span><div class=\"fusion-image-wrapper\" aria-haspopup=\"true\"><img loading=\"lazy\" decoding=\"async\" width=\"1122\" height=\"793\" src=\"https:\/\/a3at.com\/wp-content\/uploads\/2016\/05\/Diapositiva5_R.png\" class=\"attachment-full size-full wp-post-image\" alt=\"\" srcset=\"https:\/\/a3at.com\/wp-content\/uploads\/2016\/05\/Diapositiva5_R.png 1122w, https:\/\/a3at.com\/wp-content\/uploads\/2016\/05\/Diapositiva5_R-500x353.png 500w, https:\/\/a3at.com\/wp-content\/uploads\/2016\/05\/Diapositiva5_R-300x212.png 300w, https:\/\/a3at.com\/wp-content\/uploads\/2016\/05\/Diapositiva5_R-768x543.png 768w, https:\/\/a3at.com\/wp-content\/uploads\/2016\/05\/Diapositiva5_R-1024x724.png 1024w\" sizes=\"(max-width: 1122px) 100vw, 1122px\" \/>\t\t<div class=\"fusion-rollover\">\n\t\t\t<div class=\"fusion-rollover-content\">\n\n\t\t\t\t\n\t\t\t\t\t\t\t\t\t\t\t<a class=\"fusion-rollover-link\" href=\"https:\/\/a3at.com\/index.php\/portfolio\/barri-del-polvori-7a-fase-barcelona\/\">Permalink<\/a>\n\t\t\t\t\t\n\t\t\t\t\t\t\t\t\t\t\t\n\t\t\t\t\t\t\t\t\t\t\t\t\t<div class=\"fusion-rollover-sep\"><\/div>\n\t\t\t\t\t\t\n\t\t\t\t\t\t\t\t\t\t\t\t\t\t\t\t\t\t\t\t<a class=\"fusion-rollover-gallery\" href=\"https:\/\/a3at.com\/wp-content\/uploads\/2016\/05\/Diapositiva5_R.png\" data-id=\"1105\" data-rel=\"iLightbox[gallery-rw-1]\" data-title=\"Diapositiva5_R\" data-caption=\"\">Gallery<\/a>\t\t\t\t\t\t\t\t\t\t\t\t\t\t\t\n\t\t\t\t\t\t\t\t\t<h4 class=\"fusion-rollover-title\"><a href=\"https:\/\/a3at.com\/index.php\/portfolio\/barri-del-polvori-7a-fase-barcelona\/\">Barri del Polvor\u00ed 7\u00aa Fase Barcelona<\/a><\/h4>\n\t\t\t\t\n\t\t\t\t\n\t\t\t\t\n\t\t\t\t\n\t\t\t\t\n\t\t\t\t\t\t\t<\/div>\n\t\t<\/div>\n\t\t<\/div><\/div><\/div><div class=\"fusion-portfolio-post oficines-i-comercial-seguretat-i-salut seguretat-i-salut fusion-col-spacing\"><div class=\"fusion-portfolio-content-wrapper\"><span class=\"entry-title\" style=\"display: none;\">L&#8217;Esport Parc Internacional de Catalunya<\/span><span class=\"vcard\" style=\"display: none;\"><span class=\"fn\"><a href=\"https:\/\/a3at.com\/index.php\/author\/a3at\/\" title=\"Entrades de A3at -\" rel=\"author\">A3at -<\/a><\/span><\/span><span class=\"updated\" style=\"display:none;\">2016-05-26T18:20:43+00:00<\/span><div class=\"fusion-image-wrapper\" aria-haspopup=\"true\"><img loading=\"lazy\" decoding=\"async\" width=\"1122\" height=\"793\" src=\"https:\/\/a3at.com\/wp-content\/uploads\/2016\/05\/Diapositiva8_OF.png\" class=\"attachment-full size-full wp-post-image\" alt=\"\" srcset=\"https:\/\/a3at.com\/wp-content\/uploads\/2016\/05\/Diapositiva8_OF.png 1122w, https:\/\/a3at.com\/wp-content\/uploads\/2016\/05\/Diapositiva8_OF-500x353.png 500w, https:\/\/a3at.com\/wp-content\/uploads\/2016\/05\/Diapositiva8_OF-300x212.png 300w, https:\/\/a3at.com\/wp-content\/uploads\/2016\/05\/Diapositiva8_OF-768x543.png 768w, https:\/\/a3at.com\/wp-content\/uploads\/2016\/05\/Diapositiva8_OF-1024x724.png 1024w\" sizes=\"(max-width: 1122px) 100vw, 1122px\" \/>\t\t<div class=\"fusion-rollover\">\n\t\t\t<div class=\"fusion-rollover-content\">\n\n\t\t\t\t\n\t\t\t\t\t\t\t\t\t\t\t<a class=\"fusion-rollover-link\" href=\"https:\/\/a3at.com\/index.php\/portfolio\/lesport-parc-internacional-de-catalunya\/\">Permalink<\/a>\n\t\t\t\t\t\n\t\t\t\t\t\t\t\t\t\t\t\n\t\t\t\t\t\t\t\t\t\t\t\t\t<div class=\"fusion-rollover-sep\"><\/div>\n\t\t\t\t\t\t\n\t\t\t\t\t\t\t\t\t\t\t\t\t\t\t\t\t\t\t\t<a class=\"fusion-rollover-gallery\" href=\"https:\/\/a3at.com\/wp-content\/uploads\/2016\/05\/Diapositiva8_OF.png\" data-id=\"1103\" data-rel=\"iLightbox[gallery-rw-1]\" data-title=\"Diapositiva8_OF\" data-caption=\"\">Gallery<\/a>\t\t\t\t\t\t\t\t\t\t\t\t\t\t\t\n\t\t\t\t\t\t\t\t\t<h4 class=\"fusion-rollover-title\"><a href=\"https:\/\/a3at.com\/index.php\/portfolio\/lesport-parc-internacional-de-catalunya\/\">L&#8217;Esport Parc Internacional de Catalunya<\/a><\/h4>\n\t\t\t\t\n\t\t\t\t\n\t\t\t\t\n\t\t\t\t\n\t\t\t\t\n\t\t\t\t\t\t\t<\/div>\n\t\t<\/div>\n\t\t<\/div><\/div><\/div><div class=\"fusion-portfolio-post oficines-i-comercial-seguretat-i-salut seguretat-i-salut fusion-col-spacing\"><div class=\"fusion-portfolio-content-wrapper\"><span class=\"entry-title\" style=\"display: none;\">Reforma de l&#8217;Edifici FIATC<\/span><span class=\"vcard\" style=\"display: none;\"><span class=\"fn\"><a href=\"https:\/\/a3at.com\/index.php\/author\/a3at\/\" title=\"Entrades de A3at -\" rel=\"author\">A3at -<\/a><\/span><\/span><span class=\"updated\" style=\"display:none;\">2016-05-26T18:22:14+00:00<\/span><div class=\"fusion-image-wrapper\" aria-haspopup=\"true\"><img loading=\"lazy\" decoding=\"async\" width=\"1122\" height=\"793\" src=\"https:\/\/a3at.com\/wp-content\/uploads\/2016\/05\/Diapositiva7_OF.png\" class=\"attachment-full size-full wp-post-image\" alt=\"\" srcset=\"https:\/\/a3at.com\/wp-content\/uploads\/2016\/05\/Diapositiva7_OF.png 1122w, https:\/\/a3at.com\/wp-content\/uploads\/2016\/05\/Diapositiva7_OF-500x353.png 500w, https:\/\/a3at.com\/wp-content\/uploads\/2016\/05\/Diapositiva7_OF-300x212.png 300w, https:\/\/a3at.com\/wp-content\/uploads\/2016\/05\/Diapositiva7_OF-768x543.png 768w, https:\/\/a3at.com\/wp-content\/uploads\/2016\/05\/Diapositiva7_OF-1024x724.png 1024w\" sizes=\"(max-width: 1122px) 100vw, 1122px\" \/>\t\t<div class=\"fusion-rollover\">\n\t\t\t<div class=\"fusion-rollover-content\">\n\n\t\t\t\t\n\t\t\t\t\t\t\t\t\t\t\t<a class=\"fusion-rollover-link\" href=\"https:\/\/a3at.com\/index.php\/portfolio\/reforma-de-ledifici-fiatc-2\/\">Permalink<\/a>\n\t\t\t\t\t\n\t\t\t\t\t\t\t\t\t\t\t\n\t\t\t\t\t\t\t\t\t\t\t\t\t<div class=\"fusion-rollover-sep\"><\/div>\n\t\t\t\t\t\t\n\t\t\t\t\t\t\t\t\t\t\t\t\t\t\t\t\t\t\t\t<a class=\"fusion-rollover-gallery\" href=\"https:\/\/a3at.com\/wp-content\/uploads\/2016\/05\/Diapositiva7_OF.png\" data-id=\"1101\" data-rel=\"iLightbox[gallery-rw-1]\" data-title=\"Diapositiva7_OF\" data-caption=\"\">Gallery<\/a>\t\t\t\t\t\t\t\t\t\t\t\t\t\t\t\n\t\t\t\t\t\t\t\t\t<h4 class=\"fusion-rollover-title\"><a href=\"https:\/\/a3at.com\/index.php\/portfolio\/reforma-de-ledifici-fiatc-2\/\">Reforma de l&#8217;Edifici FIATC<\/a><\/h4>\n\t\t\t\t\n\t\t\t\t\n\t\t\t\t\n\t\t\t\t\n\t\t\t\t\n\t\t\t\t\t\t\t<\/div>\n\t\t<\/div>\n\t\t<\/div><\/div><\/div><div class=\"fusion-portfolio-post oficines-i-comercial-seguretat-i-salut seguretat-i-salut fusion-col-spacing\"><div class=\"fusion-portfolio-content-wrapper\"><span class=\"entry-title\" style=\"display: none;\">Federaci\u00f3 Catalana Basquetbol i Gigatson<\/span><span class=\"vcard\" style=\"display: none;\"><span class=\"fn\"><a href=\"https:\/\/a3at.com\/index.php\/author\/a3at\/\" title=\"Entrades de A3at -\" rel=\"author\">A3at -<\/a><\/span><\/span><span class=\"updated\" style=\"display:none;\">2016-05-26T18:23:51+00:00<\/span><div class=\"fusion-image-wrapper\" aria-haspopup=\"true\"><img loading=\"lazy\" decoding=\"async\" width=\"1122\" height=\"793\" src=\"https:\/\/a3at.com\/wp-content\/uploads\/2016\/05\/Diapositiva4_OF.png\" class=\"attachment-full size-full wp-post-image\" alt=\"\" srcset=\"https:\/\/a3at.com\/wp-content\/uploads\/2016\/05\/Diapositiva4_OF.png 1122w, https:\/\/a3at.com\/wp-content\/uploads\/2016\/05\/Diapositiva4_OF-500x353.png 500w, https:\/\/a3at.com\/wp-content\/uploads\/2016\/05\/Diapositiva4_OF-300x212.png 300w, https:\/\/a3at.com\/wp-content\/uploads\/2016\/05\/Diapositiva4_OF-768x543.png 768w, https:\/\/a3at.com\/wp-content\/uploads\/2016\/05\/Diapositiva4_OF-1024x724.png 1024w\" sizes=\"(max-width: 1122px) 100vw, 1122px\" \/>\t\t<div class=\"fusion-rollover\">\n\t\t\t<div class=\"fusion-rollover-content\">\n\n\t\t\t\t\n\t\t\t\t\t\t\t\t\t\t\t<a class=\"fusion-rollover-link\" href=\"https:\/\/a3at.com\/index.php\/portfolio\/federacio-catalana-basquetbol-i-gigatson\/\">Permalink<\/a>\n\t\t\t\t\t\n\t\t\t\t\t\t\t\t\t\t\t\n\t\t\t\t\t\t\t\t\t\t\t\t\t<div class=\"fusion-rollover-sep\"><\/div>\n\t\t\t\t\t\t\n\t\t\t\t\t\t\t\t\t\t\t\t\t\t\t\t\t\t\t\t<a class=\"fusion-rollover-gallery\" href=\"https:\/\/a3at.com\/wp-content\/uploads\/2016\/05\/Diapositiva4_OF.png\" data-id=\"1099\" data-rel=\"iLightbox[gallery-rw-1]\" data-title=\"Diapositiva4_OF\" data-caption=\"\">Gallery<\/a>\t\t\t\t\t\t\t\t\t\t\t\t\t\t\t\n\t\t\t\t\t\t\t\t\t<h4 class=\"fusion-rollover-title\"><a href=\"https:\/\/a3at.com\/index.php\/portfolio\/federacio-catalana-basquetbol-i-gigatson\/\">Federaci\u00f3 Catalana Basquetbol i Gigatson<\/a><\/h4>\n\t\t\t\t\n\t\t\t\t\n\t\t\t\t\n\t\t\t\t\n\t\t\t\t\n\t\t\t\t\t\t\t<\/div>\n\t\t<\/div>\n\t\t<\/div><\/div><\/div><div class=\"fusion-portfolio-post equipament-esportiu-seguretat-i-salut seguretat-i-salut fusion-col-spacing\"><div class=\"fusion-portfolio-content-wrapper\"><span class=\"entry-title\" style=\"display: none;\">Ciutat Esportiva del FCB a Sant Joan Desp\u00ed<\/span><span class=\"vcard\" style=\"display: none;\"><span class=\"fn\"><a href=\"https:\/\/a3at.com\/index.php\/author\/a3at\/\" title=\"Entrades de A3at -\" rel=\"author\">A3at -<\/a><\/span><\/span><span class=\"updated\" style=\"display:none;\">2016-05-26T18:26:42+00:00<\/span><div class=\"fusion-image-wrapper\" aria-haspopup=\"true\"><img loading=\"lazy\" decoding=\"async\" width=\"1122\" height=\"793\" src=\"https:\/\/a3at.com\/wp-content\/uploads\/2016\/05\/Diapositiva22_EE.png\" class=\"attachment-full size-full wp-post-image\" alt=\"\" srcset=\"https:\/\/a3at.com\/wp-content\/uploads\/2016\/05\/Diapositiva22_EE.png 1122w, https:\/\/a3at.com\/wp-content\/uploads\/2016\/05\/Diapositiva22_EE-500x353.png 500w, https:\/\/a3at.com\/wp-content\/uploads\/2016\/05\/Diapositiva22_EE-300x212.png 300w, https:\/\/a3at.com\/wp-content\/uploads\/2016\/05\/Diapositiva22_EE-768x543.png 768w, https:\/\/a3at.com\/wp-content\/uploads\/2016\/05\/Diapositiva22_EE-1024x724.png 1024w\" sizes=\"(max-width: 1122px) 100vw, 1122px\" \/>\t\t<div class=\"fusion-rollover\">\n\t\t\t<div class=\"fusion-rollover-content\">\n\n\t\t\t\t\n\t\t\t\t\t\t\t\t\t\t\t<a class=\"fusion-rollover-link\" href=\"https:\/\/a3at.com\/index.php\/portfolio\/ciutat-esportiva-del-fcb-a-sant-joan-despi\/\">Permalink<\/a>\n\t\t\t\t\t\n\t\t\t\t\t\t\t\t\t\t\t\n\t\t\t\t\t\t\t\t\t\t\t\t\t<div class=\"fusion-rollover-sep\"><\/div>\n\t\t\t\t\t\t\n\t\t\t\t\t\t\t\t\t\t\t\t\t\t\t\t\t\t\t\t<a class=\"fusion-rollover-gallery\" href=\"https:\/\/a3at.com\/wp-content\/uploads\/2016\/05\/Diapositiva22_EE.png\" data-id=\"1097\" data-rel=\"iLightbox[gallery-rw-1]\" data-title=\"Diapositiva22_EE\" data-caption=\"\">Gallery<\/a>\t\t\t\t\t\t\t\t\t\t\t\t\t\t\t\n\t\t\t\t\t\t\t\t\t<h4 class=\"fusion-rollover-title\"><a href=\"https:\/\/a3at.com\/index.php\/portfolio\/ciutat-esportiva-del-fcb-a-sant-joan-despi\/\">Ciutat Esportiva del FCB a Sant Joan Desp\u00ed<\/a><\/h4>\n\t\t\t\t\n\t\t\t\t\n\t\t\t\t\n\t\t\t\t\n\t\t\t\t\n\t\t\t\t\t\t\t<\/div>\n\t\t<\/div>\n\t\t<\/div><\/div><\/div><div class=\"fusion-portfolio-post equipament-esportiu-seguretat-i-salut seguretat-i-salut fusion-col-spacing\"><div class=\"fusion-portfolio-content-wrapper\"><span class=\"entry-title\" style=\"display: none;\">Complex Esportiu Nord les Bases a Manresa<\/span><span class=\"vcard\" style=\"display: none;\"><span class=\"fn\"><a href=\"https:\/\/a3at.com\/index.php\/author\/a3at\/\" title=\"Entrades de A3at -\" rel=\"author\">A3at -<\/a><\/span><\/span><span class=\"updated\" style=\"display:none;\">2016-05-26T18:28:06+00:00<\/span><div class=\"fusion-image-wrapper\" aria-haspopup=\"true\"><img loading=\"lazy\" decoding=\"async\" width=\"1122\" height=\"793\" src=\"https:\/\/a3at.com\/wp-content\/uploads\/2016\/05\/Diapositiva21_EE.png\" class=\"attachment-full size-full wp-post-image\" alt=\"\" srcset=\"https:\/\/a3at.com\/wp-content\/uploads\/2016\/05\/Diapositiva21_EE.png 1122w, https:\/\/a3at.com\/wp-content\/uploads\/2016\/05\/Diapositiva21_EE-500x353.png 500w, https:\/\/a3at.com\/wp-content\/uploads\/2016\/05\/Diapositiva21_EE-300x212.png 300w, https:\/\/a3at.com\/wp-content\/uploads\/2016\/05\/Diapositiva21_EE-768x543.png 768w, https:\/\/a3at.com\/wp-content\/uploads\/2016\/05\/Diapositiva21_EE-1024x724.png 1024w\" sizes=\"(max-width: 1122px) 100vw, 1122px\" \/>\t\t<div class=\"fusion-rollover\">\n\t\t\t<div class=\"fusion-rollover-content\">\n\n\t\t\t\t\n\t\t\t\t\t\t\t\t\t\t\t<a class=\"fusion-rollover-link\" href=\"https:\/\/a3at.com\/index.php\/portfolio\/complex-esportiu-nord-les-bases-a-manresa\/\">Permalink<\/a>\n\t\t\t\t\t\n\t\t\t\t\t\t\t\t\t\t\t\n\t\t\t\t\t\t\t\t\t\t\t\t\t<div class=\"fusion-rollover-sep\"><\/div>\n\t\t\t\t\t\t\n\t\t\t\t\t\t\t\t\t\t\t\t\t\t\t\t\t\t\t\t<a class=\"fusion-rollover-gallery\" href=\"https:\/\/a3at.com\/wp-content\/uploads\/2016\/05\/Diapositiva21_EE.png\" data-id=\"1095\" data-rel=\"iLightbox[gallery-rw-1]\" data-title=\"Diapositiva21_EE\" data-caption=\"\">Gallery<\/a>\t\t\t\t\t\t\t\t\t\t\t\t\t\t\t\n\t\t\t\t\t\t\t\t\t<h4 class=\"fusion-rollover-title\"><a href=\"https:\/\/a3at.com\/index.php\/portfolio\/complex-esportiu-nord-les-bases-a-manresa\/\">Complex Esportiu Nord les Bases a Manresa<\/a><\/h4>\n\t\t\t\t\n\t\t\t\t\n\t\t\t\t\n\t\t\t\t\n\t\t\t\t\n\t\t\t\t\t\t\t<\/div>\n\t\t<\/div>\n\t\t<\/div><\/div><\/div><div class=\"fusion-portfolio-post equipament-esportiu-seguretat-i-salut seguretat-i-salut fusion-col-spacing\"><div class=\"fusion-portfolio-content-wrapper\"><span class=\"entry-title\" style=\"display: none;\">Complex Esportiu Maria Reverter de Barber\u00e0 de Vall\u00e8s<\/span><span class=\"vcard\" style=\"display: none;\"><span class=\"fn\"><a href=\"https:\/\/a3at.com\/index.php\/author\/a3at\/\" title=\"Entrades de A3at -\" rel=\"author\">A3at -<\/a><\/span><\/span><span class=\"updated\" style=\"display:none;\">2016-05-26T18:29:41+00:00<\/span><div class=\"fusion-image-wrapper\" aria-haspopup=\"true\"><img loading=\"lazy\" decoding=\"async\" width=\"1122\" height=\"793\" src=\"https:\/\/a3at.com\/wp-content\/uploads\/2016\/05\/Diapositiva20_EE.png\" class=\"attachment-full size-full wp-post-image\" alt=\"\" srcset=\"https:\/\/a3at.com\/wp-content\/uploads\/2016\/05\/Diapositiva20_EE.png 1122w, https:\/\/a3at.com\/wp-content\/uploads\/2016\/05\/Diapositiva20_EE-500x353.png 500w, https:\/\/a3at.com\/wp-content\/uploads\/2016\/05\/Diapositiva20_EE-300x212.png 300w, https:\/\/a3at.com\/wp-content\/uploads\/2016\/05\/Diapositiva20_EE-768x543.png 768w, https:\/\/a3at.com\/wp-content\/uploads\/2016\/05\/Diapositiva20_EE-1024x724.png 1024w\" sizes=\"(max-width: 1122px) 100vw, 1122px\" \/>\t\t<div class=\"fusion-rollover\">\n\t\t\t<div class=\"fusion-rollover-content\">\n\n\t\t\t\t\n\t\t\t\t\t\t\t\t\t\t\t<a class=\"fusion-rollover-link\" href=\"https:\/\/a3at.com\/index.php\/portfolio\/maria-reverter-de-barbera-de-valles\/\">Permalink<\/a>\n\t\t\t\t\t\n\t\t\t\t\t\t\t\t\t\t\t\n\t\t\t\t\t\t\t\t\t\t\t\t\t<div class=\"fusion-rollover-sep\"><\/div>\n\t\t\t\t\t\t\n\t\t\t\t\t\t\t\t\t\t\t\t\t\t\t\t\t\t\t\t<a class=\"fusion-rollover-gallery\" href=\"https:\/\/a3at.com\/wp-content\/uploads\/2016\/05\/Diapositiva20_EE.png\" data-id=\"1093\" data-rel=\"iLightbox[gallery-rw-1]\" data-title=\"Diapositiva20_EE\" data-caption=\"\">Gallery<\/a>\t\t\t\t\t\t\t\t\t\t\t\t\t\t\t\n\t\t\t\t\t\t\t\t\t<h4 class=\"fusion-rollover-title\"><a href=\"https:\/\/a3at.com\/index.php\/portfolio\/maria-reverter-de-barbera-de-valles\/\">Complex Esportiu Maria Reverter de Barber\u00e0 de Vall\u00e8s<\/a><\/h4>\n\t\t\t\t\n\t\t\t\t\n\t\t\t\t\n\t\t\t\t\n\t\t\t\t\n\t\t\t\t\t\t\t<\/div>\n\t\t<\/div>\n\t\t<\/div><\/div><\/div><div class=\"fusion-portfolio-post educacio-i-cultura-seguretat-i-salut seguretat-i-salut fusion-col-spacing\"><div class=\"fusion-portfolio-content-wrapper\"><span class=\"entry-title\" style=\"display: none;\">Complex Esportiu i Cultural Montcada Aqua<\/span><span class=\"vcard\" style=\"display: none;\"><span class=\"fn\"><a href=\"https:\/\/a3at.com\/index.php\/author\/a3at\/\" title=\"Entrades de A3at -\" rel=\"author\">A3at -<\/a><\/span><\/span><span class=\"updated\" style=\"display:none;\">2016-05-26T18:35:03+00:00<\/span><div class=\"fusion-image-wrapper\" aria-haspopup=\"true\"><img loading=\"lazy\" decoding=\"async\" width=\"1122\" height=\"793\" src=\"https:\/\/a3at.com\/wp-content\/uploads\/2016\/05\/Diapositiva25_EC.png\" class=\"attachment-full size-full wp-post-image\" alt=\"\" srcset=\"https:\/\/a3at.com\/wp-content\/uploads\/2016\/05\/Diapositiva25_EC.png 1122w, https:\/\/a3at.com\/wp-content\/uploads\/2016\/05\/Diapositiva25_EC-500x353.png 500w, https:\/\/a3at.com\/wp-content\/uploads\/2016\/05\/Diapositiva25_EC-300x212.png 300w, https:\/\/a3at.com\/wp-content\/uploads\/2016\/05\/Diapositiva25_EC-768x543.png 768w, https:\/\/a3at.com\/wp-content\/uploads\/2016\/05\/Diapositiva25_EC-1024x724.png 1024w\" sizes=\"(max-width: 1122px) 100vw, 1122px\" \/>\t\t<div class=\"fusion-rollover\">\n\t\t\t<div class=\"fusion-rollover-content\">\n\n\t\t\t\t\n\t\t\t\t\t\t\t\t\t\t\t<a class=\"fusion-rollover-link\" href=\"https:\/\/a3at.com\/index.php\/portfolio\/complex-esportiu-i-cultural-montcada-aqua\/\">Permalink<\/a>\n\t\t\t\t\t\n\t\t\t\t\t\t\t\t\t\t\t\n\t\t\t\t\t\t\t\t\t\t\t\t\t<div class=\"fusion-rollover-sep\"><\/div>\n\t\t\t\t\t\t\n\t\t\t\t\t\t\t\t\t\t\t\t\t\t\t\t\t\t\t\t<a class=\"fusion-rollover-gallery\" href=\"https:\/\/a3at.com\/wp-content\/uploads\/2016\/05\/Diapositiva25_EC.png\" data-id=\"1091\" data-rel=\"iLightbox[gallery-rw-1]\" data-title=\"Diapositiva25_EC\" data-caption=\"\">Gallery<\/a>\t\t\t\t\t\t\t\t\t\t\t\t\t\t\t\n\t\t\t\t\t\t\t\t\t<h4 class=\"fusion-rollover-title\"><a href=\"https:\/\/a3at.com\/index.php\/portfolio\/complex-esportiu-i-cultural-montcada-aqua\/\">Complex Esportiu i Cultural Montcada Aqua<\/a><\/h4>\n\t\t\t\t\n\t\t\t\t\n\t\t\t\t\n\t\t\t\t\n\t\t\t\t\n\t\t\t\t\t\t\t<\/div>\n\t\t<\/div>\n\t\t<\/div><\/div><\/div><div class=\"fusion-portfolio-post educacio-i-cultura-seguretat-i-salut seguretat-i-salut fusion-col-spacing\"><div class=\"fusion-portfolio-content-wrapper\"><span class=\"entry-title\" style=\"display: none;\">Ampliaci\u00f3 de l&#8217;escola oficial d&#8217;idiomes a Tarragona<\/span><span class=\"vcard\" style=\"display: none;\"><span class=\"fn\"><a href=\"https:\/\/a3at.com\/index.php\/author\/a3at\/\" title=\"Entrades de A3at -\" rel=\"author\">A3at -<\/a><\/span><\/span><span class=\"updated\" style=\"display:none;\">2016-05-26T18:36:38+00:00<\/span><div class=\"fusion-image-wrapper\" aria-haspopup=\"true\"><img loading=\"lazy\" decoding=\"async\" width=\"1122\" height=\"793\" src=\"https:\/\/a3at.com\/wp-content\/uploads\/2016\/05\/Diapositiva24_EC.png\" class=\"attachment-full size-full wp-post-image\" alt=\"\" srcset=\"https:\/\/a3at.com\/wp-content\/uploads\/2016\/05\/Diapositiva24_EC.png 1122w, https:\/\/a3at.com\/wp-content\/uploads\/2016\/05\/Diapositiva24_EC-500x353.png 500w, https:\/\/a3at.com\/wp-content\/uploads\/2016\/05\/Diapositiva24_EC-300x212.png 300w, https:\/\/a3at.com\/wp-content\/uploads\/2016\/05\/Diapositiva24_EC-768x543.png 768w, https:\/\/a3at.com\/wp-content\/uploads\/2016\/05\/Diapositiva24_EC-1024x724.png 1024w\" sizes=\"(max-width: 1122px) 100vw, 1122px\" \/>\t\t<div class=\"fusion-rollover\">\n\t\t\t<div class=\"fusion-rollover-content\">\n\n\t\t\t\t\n\t\t\t\t\t\t\t\t\t\t\t<a class=\"fusion-rollover-link\" href=\"https:\/\/a3at.com\/index.php\/portfolio\/escola-oficial-didiomes-a-tarragona\/\">Permalink<\/a>\n\t\t\t\t\t\n\t\t\t\t\t\t\t\t\t\t\t\n\t\t\t\t\t\t\t\t\t\t\t\t\t<div class=\"fusion-rollover-sep\"><\/div>\n\t\t\t\t\t\t\n\t\t\t\t\t\t\t\t\t\t\t\t\t\t\t\t\t\t\t\t<a class=\"fusion-rollover-gallery\" href=\"https:\/\/a3at.com\/wp-content\/uploads\/2016\/05\/Diapositiva24_EC.png\" data-id=\"1089\" data-rel=\"iLightbox[gallery-rw-1]\" data-title=\"Diapositiva24_EC\" data-caption=\"\">Gallery<\/a>\t\t\t\t\t\t\t\t\t\t\t\t\t\t\t\n\t\t\t\t\t\t\t\t\t<h4 class=\"fusion-rollover-title\"><a href=\"https:\/\/a3at.com\/index.php\/portfolio\/escola-oficial-didiomes-a-tarragona\/\">Ampliaci\u00f3 de l&#8217;escola oficial d&#8217;idiomes a Tarragona<\/a><\/h4>\n\t\t\t\t\n\t\t\t\t\n\t\t\t\t\n\t\t\t\t\n\t\t\t\t\n\t\t\t\t\t\t\t<\/div>\n\t\t<\/div>\n\t\t<\/div><\/div><\/div><div class=\"fusion-portfolio-post educacio-i-cultura-seguretat-i-salut seguretat-i-salut fusion-col-spacing\"><div class=\"fusion-portfolio-content-wrapper\"><span class=\"entry-title\" style=\"display: none;\">Pavello cobert, Aules i aparcament de l&#8217;escola Virolai<\/span><span class=\"vcard\" style=\"display: none;\"><span class=\"fn\"><a href=\"https:\/\/a3at.com\/index.php\/author\/a3at\/\" title=\"Entrades de A3at -\" rel=\"author\">A3at -<\/a><\/span><\/span><span class=\"updated\" style=\"display:none;\">2016-05-26T18:38:01+00:00<\/span><div class=\"fusion-image-wrapper\" aria-haspopup=\"true\"><img loading=\"lazy\" decoding=\"async\" width=\"1122\" height=\"793\" src=\"https:\/\/a3at.com\/wp-content\/uploads\/2016\/05\/Diapositiva15_EC.png\" class=\"attachment-full size-full wp-post-image\" alt=\"\" srcset=\"https:\/\/a3at.com\/wp-content\/uploads\/2016\/05\/Diapositiva15_EC.png 1122w, https:\/\/a3at.com\/wp-content\/uploads\/2016\/05\/Diapositiva15_EC-500x353.png 500w, https:\/\/a3at.com\/wp-content\/uploads\/2016\/05\/Diapositiva15_EC-300x212.png 300w, https:\/\/a3at.com\/wp-content\/uploads\/2016\/05\/Diapositiva15_EC-768x543.png 768w, https:\/\/a3at.com\/wp-content\/uploads\/2016\/05\/Diapositiva15_EC-1024x724.png 1024w\" sizes=\"(max-width: 1122px) 100vw, 1122px\" \/>\t\t<div class=\"fusion-rollover\">\n\t\t\t<div class=\"fusion-rollover-content\">\n\n\t\t\t\t\n\t\t\t\t\t\t\t\t\t\t\t<a class=\"fusion-rollover-link\" href=\"https:\/\/a3at.com\/index.php\/portfolio\/escola-virolai\/\">Permalink<\/a>\n\t\t\t\t\t\n\t\t\t\t\t\t\t\t\t\t\t\n\t\t\t\t\t\t\t\t\t\t\t\t\t<div class=\"fusion-rollover-sep\"><\/div>\n\t\t\t\t\t\t\n\t\t\t\t\t\t\t\t\t\t\t\t\t\t\t\t\t\t\t\t<a class=\"fusion-rollover-gallery\" href=\"https:\/\/a3at.com\/wp-content\/uploads\/2016\/05\/Diapositiva15_EC.png\" data-id=\"1086\" data-rel=\"iLightbox[gallery-rw-1]\" data-title=\"Diapositiva15_EC\" data-caption=\"\">Gallery<\/a>\t\t\t\t\t\t\t\t\t\t\t\t\t\t\t\n\t\t\t\t\t\t\t\t\t<h4 class=\"fusion-rollover-title\"><a href=\"https:\/\/a3at.com\/index.php\/portfolio\/escola-virolai\/\">Pavello cobert, Aules i aparcament de l&#8217;escola Virolai<\/a><\/h4>\n\t\t\t\t\n\t\t\t\t\n\t\t\t\t\n\t\t\t\t\n\t\t\t\t\n\t\t\t\t\t\t\t<\/div>\n\t\t<\/div>\n\t\t<\/div><\/div><\/div><div class=\"fusion-portfolio-post educacio-i-cultura-seguretat-i-salut seguretat-i-salut fusion-col-spacing\"><div class=\"fusion-portfolio-content-wrapper\"><span class=\"entry-title\" style=\"display: none;\">Centre docent ies Jonqueres A Sabadell<\/span><span class=\"vcard\" style=\"display: none;\"><span class=\"fn\"><a href=\"https:\/\/a3at.com\/index.php\/author\/a3at\/\" title=\"Entrades de A3at -\" rel=\"author\">A3at -<\/a><\/span><\/span><span class=\"updated\" style=\"display:none;\">2016-05-26T18:41:27+00:00<\/span><div class=\"fusion-image-wrapper\" aria-haspopup=\"true\"><img loading=\"lazy\" decoding=\"async\" width=\"1122\" height=\"793\" src=\"https:\/\/a3at.com\/wp-content\/uploads\/2016\/05\/Diapositiva_EC.png\" class=\"attachment-full size-full wp-post-image\" alt=\"\" srcset=\"https:\/\/a3at.com\/wp-content\/uploads\/2016\/05\/Diapositiva_EC.png 1122w, https:\/\/a3at.com\/wp-content\/uploads\/2016\/05\/Diapositiva_EC-500x353.png 500w, https:\/\/a3at.com\/wp-content\/uploads\/2016\/05\/Diapositiva_EC-300x212.png 300w, https:\/\/a3at.com\/wp-content\/uploads\/2016\/05\/Diapositiva_EC-768x543.png 768w, https:\/\/a3at.com\/wp-content\/uploads\/2016\/05\/Diapositiva_EC-1024x724.png 1024w\" sizes=\"(max-width: 1122px) 100vw, 1122px\" \/>\t\t<div class=\"fusion-rollover\">\n\t\t\t<div class=\"fusion-rollover-content\">\n\n\t\t\t\t\n\t\t\t\t\t\t\t\t\t\t\t<a class=\"fusion-rollover-link\" href=\"https:\/\/a3at.com\/index.php\/portfolio\/centre-docent-ies-jonqueres-a-sabadell\/\">Permalink<\/a>\n\t\t\t\t\t\n\t\t\t\t\t\t\t\t\t\t\t\n\t\t\t\t\t\t\t\t\t\t\t\t\t<div class=\"fusion-rollover-sep\"><\/div>\n\t\t\t\t\t\t\n\t\t\t\t\t\t\t\t\t\t\t\t\t\t\t\t\t\t\t\t<a class=\"fusion-rollover-gallery\" href=\"https:\/\/a3at.com\/wp-content\/uploads\/2016\/05\/Diapositiva_EC.png\" data-id=\"1084\" data-rel=\"iLightbox[gallery-rw-1]\" data-title=\"Diapositiva_EC\" data-caption=\"\">Gallery<\/a>\t\t\t\t\t\t\t\t\t\t\t\t\t\t\t\n\t\t\t\t\t\t\t\t\t<h4 class=\"fusion-rollover-title\"><a href=\"https:\/\/a3at.com\/index.php\/portfolio\/centre-docent-ies-jonqueres-a-sabadell\/\">Centre docent ies Jonqueres A Sabadell<\/a><\/h4>\n\t\t\t\t\n\t\t\t\t\n\t\t\t\t\n\t\t\t\t\n\t\t\t\t\n\t\t\t\t\t\t\t<\/div>\n\t\t<\/div>\n\t\t<\/div><\/div><\/div><\/div><\/div><div class=\"fusion-clearfix\"><\/div><\/div><\/div><div class=\"fusion-clearfix\"><\/div><script src=\"https:\/\/ajax.googleapis.com\/ajax\/libs\/jquery\/2.1.4\/jquery.min.js\"><\/script>\r\n<script>\r\n\r\njQuery(document).ready(function(e) {\r\n\tif($('html').attr('lang')==\"ca\"){\r\n    jQuery('li.fusion-filter.fusion-filter-all.fusion-active a').text('Tots');\r\n\t}\r\n});\r\n<\/script>\n","protected":false},"excerpt":{"rendered":"CONSTRUCCI\u00d3 DE NOU CENTRE DOCENT IES JONQUERES A SABADELLSERVEIS T\u00c8CNICS: COORDINACI\u00d3 DE SEGURETAT EN FASE D'EXECUCI\u00d3 PROMOTOR: GESTI\u00d3 D'INFRAESTRUCTURES S.A. ARQUITECTES: BASTERRECHEA-TEJADA ARQUITECTES, S.L. PRESSUPOST (P.E.M.): 5.221.245,00\u00a0\u20ac SUPERF\u00cdCIE: 12.643,13\u00a0m\u00b2 ANY D'EXECUCI\u00d3: 2010 - 2013 DESCRIPCI\u00d3 DE L'OBRA: L'empla\u00e7ament del nou institut \u00e9s el solar ocupat en el passat pel complex esportiu Jonqueres, situat al nord [...]","protected":false},"author":6,"featured_media":0,"parent":0,"menu_order":0,"comment_status":"closed","ping_status":"open","template":"100-width.php","meta":{"footnotes":""},"class_list":["post-1112","page","type-page","status-publish","hentry"],"_links":{"self":[{"href":"https:\/\/a3at.com\/index.php\/wp-json\/wp\/v2\/pages\/1112"}],"collection":[{"href":"https:\/\/a3at.com\/index.php\/wp-json\/wp\/v2\/pages"}],"about":[{"href":"https:\/\/a3at.com\/index.php\/wp-json\/wp\/v2\/types\/page"}],"author":[{"embeddable":true,"href":"https:\/\/a3at.com\/index.php\/wp-json\/wp\/v2\/users\/6"}],"replies":[{"embeddable":true,"href":"https:\/\/a3at.com\/index.php\/wp-json\/wp\/v2\/comments?post=1112"}],"version-history":[{"count":5,"href":"https:\/\/a3at.com\/index.php\/wp-json\/wp\/v2\/pages\/1112\/revisions"}],"predecessor-version":[{"id":1218,"href":"https:\/\/a3at.com\/index.php\/wp-json\/wp\/v2\/pages\/1112\/revisions\/1218"}],"wp:attachment":[{"href":"https:\/\/a3at.com\/index.php\/wp-json\/wp\/v2\/media?parent=1112"}],"curies":[{"name":"wp","href":"https:\/\/api.w.org\/{rel}","templated":true}]}}